{"id":150,"date":"2023-05-13T17:48:12","date_gmt":"2023-05-13T15:48:12","guid":{"rendered":"https:\/\/bretagneceltique.bzh\/?page_id=150"},"modified":"2023-07-20T15:39:08","modified_gmt":"2023-07-20T13:39:08","slug":"organisation","status":"publish","type":"page","link":"https:\/\/bretagneceltique.bzh\/?page_id=150","title":{"rendered":"Organisation &#8211; Aozadur &#8211; Organization"},"content":{"rendered":"\n<p><strong>Bretagne&#8230;Celtique !<\/strong> est organis\u00e9e par le laboratoire Celtic BLM de l&rsquo;Universit\u00e9 de Rennes II, le Festival interceltique de Lorient et l&rsquo;Institut Culturel de Bretagne.<\/p>\n\n\n\n<p class=\"has-blue-color has-text-color\">Aozet eo <strong>Breizh&#8230; Keltiek !<\/strong> gant arnodva BLM Laboratory ae Skol-veur Roazhon II (Breizh hag ar yezho\u00f9 minorelaet), Gouel Etrekeltiek a Oriant ha Skol Uhel ar Vro.<\/p>\n\n\n\n<p class=\"has-text-color\" style=\"color:#3a6a0a\"><strong>Bretagne&#8230;Celtique !<\/strong> is organized by the Celtic BLM Laboratory at the University of Rennes II (Brittany &amp; Minority Languages), the Lorient Interceltic Festival and the Institut Culturel de Bretagne.<\/p>\n\n\n\n<h2 class=\"wp-block-heading\">Comit\u00e9 d&rsquo;organisation &#8211; Kuzul aozadur &#8211; Organizing Committee <\/h2>\n\n\n\n<ul class=\"wp-block-list\">\n<li>Jean-Philippe Mauras, directeur du Festival interceltique de Lorient<br>                                          rener Gouel Etrekeltiek an Oriant<br>                                          Director of Lorient Inter Celtic Festival<\/li>\n\n\n\n<li>Erwan Hupel , directeur du laboratoire Celtic BLM, Universit\u00e9 de Rennes II<br>                           Rener arnodva BLM Laboratory, Skol-veur Roazhon II<br>                            Director of Celtic BLM Laboratory, Rennes II University<\/li>\n\n\n\n<li>Herv\u00e9 Le Bihan, directeur du d\u00e9partement de breton et celtique, Universit\u00e9 de Rennes II<br>                               Rener departamant ar Brezhoneg ag ar Yezho\u00f9 Keltiek, Skol-veur Roazhon II<br>                               Director of Breton and Celtic Departemnt, Rennes II University<\/li>\n\n\n\n<li>Erwan Chartier, laboratoire Celtic BLM, Universit\u00e9 de Rennes II<br>                              arnodva Celtic BLM , Skol-veur Roazhon II<br>                              Celtic BLM Laboratory, Rennes II University<\/li>\n\n\n\n<li>Iwan Le M\u00e9e, Institut Culturel de Bretagne<br>                         Skol Uhel ar Vro<br>                          Institut Culturel de Bretagne<\/li>\n\n\n\n<li>Jacques-Yves Le Touze, vice-pr\u00e9sident Institut culturel de Bretagne<br>                                             bez-prezidant Skol Uhel ar Vro<br>                                             vice-chairman of Institut Culturel de Bretagne<\/li>\n\n\n\n<li>Maelig Tredan, Institut Culturel de Bretagne<br>                             Skol Uhel ar Vro<br>                             member of Institut Culturel de Bretagne<\/li>\n<\/ul>\n\n\n\n<p><strong>Coordination<\/strong> &#8211; <strong>Kenurzhiet gant &#8211; Coordination :<\/strong> Armelle Le Guillou<\/p>\n\n\n\n<p><strong>Graphisme<\/strong> &#8211; <strong>Dizagn gant &#8211; Graphic design<\/strong> : Olwenn Manac&rsquo;h<\/p>\n\n\n\n<p><strong>Interpr\u00e9tariat, traduction simultan\u00e9e &#8211; Jubenni\u00f1, troidigezhio\u00f9 &#8211; Interpreting, simultaneous translation <\/strong>: Sten Charbonneau<\/p>\n\n\n\n<p><strong>Pr\u00e9sentation &#8211; Kinnig &#8211; Presentation :<\/strong> Iwan Le M\u00e9e<\/p>\n\n\n\n<p><\/p>\n\n\n\n<figure class=\"wp-block-gallery has-nested-images columns-default is-cropped wp-block-gallery-1 is-layout-flex wp-block-gallery-is-layout-flex\">\n<figure class=\"wp-block-image size-large\"><img loading=\"lazy\" decoding=\"async\" width=\"1024\" height=\"768\" data-id=\"151\" src=\"https:\/\/bretagneceltique.bzh\/wp-content\/uploads\/2023\/05\/Jean-Philippe-Mauras-1.webp\" alt=\"\" class=\"wp-image-151\" srcset=\"https:\/\/bretagneceltique.bzh\/wp-content\/uploads\/2023\/05\/Jean-Philippe-Mauras-1.webp 1024w, https:\/\/bretagneceltique.bzh\/wp-content\/uploads\/2023\/05\/Jean-Philippe-Mauras-1-300x225.webp 300w, https:\/\/bretagneceltique.bzh\/wp-content\/uploads\/2023\/05\/Jean-Philippe-Mauras-1-768x576.webp 768w\" sizes=\"auto, (max-width: 1024px) 100vw, 1024px\" \/><\/figure>\n\n\n\n<figure class=\"wp-block-image size-large\"><img loading=\"lazy\" decoding=\"async\" width=\"402\" height=\"600\" data-id=\"155\" src=\"https:\/\/bretagneceltique.bzh\/wp-content\/uploads\/2023\/05\/Erwan-Hupel.webp\" alt=\"\" class=\"wp-image-155\" srcset=\"https:\/\/bretagneceltique.bzh\/wp-content\/uploads\/2023\/05\/Erwan-Hupel.webp 402w, https:\/\/bretagneceltique.bzh\/wp-content\/uploads\/2023\/05\/Erwan-Hupel-201x300.webp 201w\" sizes=\"auto, (max-width: 402px) 100vw, 402px\" \/><\/figure>\n\n\n\n<figure class=\"wp-block-image size-large\"><img loading=\"lazy\" decoding=\"async\" width=\"400\" height=\"600\" data-id=\"66\" src=\"https:\/\/bretagneceltique.bzh\/wp-content\/uploads\/2023\/04\/Herve-Bihan.jpg\" alt=\"\" class=\"wp-image-66\" srcset=\"https:\/\/bretagneceltique.bzh\/wp-content\/uploads\/2023\/04\/Herve-Bihan.jpg 400w, https:\/\/bretagneceltique.bzh\/wp-content\/uploads\/2023\/04\/Herve-Bihan-200x300.jpg 200w\" sizes=\"auto, (max-width: 400px) 100vw, 400px\" \/><\/figure>\n\n\n\n<figure class=\"wp-block-image size-large\"><img loading=\"lazy\" decoding=\"async\" width=\"279\" height=\"404\" data-id=\"67\" src=\"https:\/\/bretagneceltique.bzh\/wp-content\/uploads\/2023\/04\/Erwan-Chartier.jpg\" alt=\"\" class=\"wp-image-67\" srcset=\"https:\/\/bretagneceltique.bzh\/wp-content\/uploads\/2023\/04\/Erwan-Chartier.jpg 279w, https:\/\/bretagneceltique.bzh\/wp-content\/uploads\/2023\/04\/Erwan-Chartier-207x300.jpg 207w\" sizes=\"auto, (max-width: 279px) 100vw, 279px\" \/><\/figure>\n\n\n\n<figure class=\"wp-block-image size-large\"><img loading=\"lazy\" decoding=\"async\" width=\"225\" height=\"225\" data-id=\"158\" src=\"https:\/\/bretagneceltique.bzh\/wp-content\/uploads\/2023\/05\/Iwan-Le-Mee.jpg\" alt=\"\" class=\"wp-image-158\" srcset=\"https:\/\/bretagneceltique.bzh\/wp-content\/uploads\/2023\/05\/Iwan-Le-Mee.jpg 225w, https:\/\/bretagneceltique.bzh\/wp-content\/uploads\/2023\/05\/Iwan-Le-Mee-150x150.jpg 150w\" sizes=\"auto, (max-width: 225px) 100vw, 225px\" \/><\/figure>\n\n\n\n<figure class=\"wp-block-image size-large\"><img loading=\"lazy\" decoding=\"async\" width=\"250\" height=\"250\" data-id=\"156\" src=\"https:\/\/bretagneceltique.bzh\/wp-content\/uploads\/2023\/05\/Maelig-Tredan.webp\" alt=\"\" class=\"wp-image-156\" srcset=\"https:\/\/bretagneceltique.bzh\/wp-content\/uploads\/2023\/05\/Maelig-Tredan.webp 250w, https:\/\/bretagneceltique.bzh\/wp-content\/uploads\/2023\/05\/Maelig-Tredan-150x150.webp 150w\" sizes=\"auto, (max-width: 250px) 100vw, 250px\" \/><\/figure>\n\n\n\n<figure class=\"wp-block-image size-large\"><img loading=\"lazy\" decoding=\"async\" width=\"1024\" height=\"1024\" data-id=\"157\" src=\"https:\/\/bretagneceltique.bzh\/wp-content\/uploads\/2023\/05\/Jacques-Yves-Le-Touze-1024x1024.jpg\" alt=\"\" class=\"wp-image-157\" srcset=\"https:\/\/bretagneceltique.bzh\/wp-content\/uploads\/2023\/05\/Jacques-Yves-Le-Touze-1024x1024.jpg 1024w, https:\/\/bretagneceltique.bzh\/wp-content\/uploads\/2023\/05\/Jacques-Yves-Le-Touze-300x300.jpg 300w, https:\/\/bretagneceltique.bzh\/wp-content\/uploads\/2023\/05\/Jacques-Yves-Le-Touze-150x150.jpg 150w, https:\/\/bretagneceltique.bzh\/wp-content\/uploads\/2023\/05\/Jacques-Yves-Le-Touze-768x768.jpg 768w, https:\/\/bretagneceltique.bzh\/wp-content\/uploads\/2023\/05\/Jacques-Yves-Le-Touze-1536x1536.jpg 1536w, https:\/\/bretagneceltique.bzh\/wp-content\/uploads\/2023\/05\/Jacques-Yves-Le-Touze-2048x2048.jpg 2048w\" sizes=\"auto, (max-width: 1024px) 100vw, 1024px\" \/><\/figure>\n\n\n\n<figure class=\"wp-block-image size-large\"><img loading=\"lazy\" decoding=\"async\" width=\"724\" height=\"1024\" data-id=\"127\" src=\"https:\/\/bretagneceltique.bzh\/wp-content\/uploads\/2023\/05\/St-Marc-1-724x1024.jpg\" alt=\"\" class=\"wp-image-127\" srcset=\"https:\/\/bretagneceltique.bzh\/wp-content\/uploads\/2023\/05\/St-Marc-1-724x1024.jpg 724w, https:\/\/bretagneceltique.bzh\/wp-content\/uploads\/2023\/05\/St-Marc-1-212x300.jpg 212w, https:\/\/bretagneceltique.bzh\/wp-content\/uploads\/2023\/05\/St-Marc-1-768x1086.jpg 768w, https:\/\/bretagneceltique.bzh\/wp-content\/uploads\/2023\/05\/St-Marc-1-1086x1536.jpg 1086w, https:\/\/bretagneceltique.bzh\/wp-content\/uploads\/2023\/05\/St-Marc-1-1448x2048.jpg 1448w, https:\/\/bretagneceltique.bzh\/wp-content\/uploads\/2023\/05\/St-Marc-1-scaled.jpg 1810w\" sizes=\"auto, (max-width: 724px) 100vw, 724px\" \/><\/figure>\n\n\n\n<figure class=\"wp-block-image size-large\"><img loading=\"lazy\" decoding=\"async\" width=\"375\" height=\"375\" data-id=\"154\" src=\"https:\/\/bretagneceltique.bzh\/wp-content\/uploads\/2023\/05\/Armelle-Le-Guillou.jpg\" alt=\"\" class=\"wp-image-154\" srcset=\"https:\/\/bretagneceltique.bzh\/wp-content\/uploads\/2023\/05\/Armelle-Le-Guillou.jpg 375w, https:\/\/bretagneceltique.bzh\/wp-content\/uploads\/2023\/05\/Armelle-Le-Guillou-300x300.jpg 300w, https:\/\/bretagneceltique.bzh\/wp-content\/uploads\/2023\/05\/Armelle-Le-Guillou-150x150.jpg 150w\" sizes=\"auto, (max-width: 375px) 100vw, 375px\" \/><\/figure>\n\n\n\n<figure class=\"wp-block-image size-large\"><img loading=\"lazy\" decoding=\"async\" width=\"1024\" height=\"682\" data-id=\"162\" src=\"https:\/\/bretagneceltique.bzh\/wp-content\/uploads\/2023\/05\/Sten-Charbonneau-OK-1-1024x682.jpg\" alt=\"\" class=\"wp-image-162\" srcset=\"https:\/\/bretagneceltique.bzh\/wp-content\/uploads\/2023\/05\/Sten-Charbonneau-OK-1-1024x682.jpg 1024w, https:\/\/bretagneceltique.bzh\/wp-content\/uploads\/2023\/05\/Sten-Charbonneau-OK-1-300x200.jpg 300w, https:\/\/bretagneceltique.bzh\/wp-content\/uploads\/2023\/05\/Sten-Charbonneau-OK-1-768x512.jpg 768w, https:\/\/bretagneceltique.bzh\/wp-content\/uploads\/2023\/05\/Sten-Charbonneau-OK-1-1536x1024.jpg 1536w, https:\/\/bretagneceltique.bzh\/wp-content\/uploads\/2023\/05\/Sten-Charbonneau-OK-1.jpg 2000w\" sizes=\"auto, (max-width: 1024px) 100vw, 1024px\" \/><\/figure>\n\n\n\n<figure class=\"wp-block-image size-full\"><img loading=\"lazy\" decoding=\"async\" width=\"225\" height=\"225\" data-id=\"165\" src=\"https:\/\/bretagneceltique.bzh\/wp-content\/uploads\/2023\/05\/Olwenn-Manach.jpg\" alt=\"\" class=\"wp-image-165\" srcset=\"https:\/\/bretagneceltique.bzh\/wp-content\/uploads\/2023\/05\/Olwenn-Manach.jpg 225w, https:\/\/bretagneceltique.bzh\/wp-content\/uploads\/2023\/05\/Olwenn-Manach-150x150.jpg 150w\" sizes=\"auto, (max-width: 225px) 100vw, 225px\" \/><\/figure>\n<\/figure>\n","protected":false},"excerpt":{"rendered":"<p>Bretagne&#8230;Celtique ! est organis\u00e9e par le laboratoire Celtic BLM de l&rsquo;Universit\u00e9 de Rennes II, le Festival interceltique de Lorient et l&rsquo;Institut Culturel de Bretagne. Aozet eo Breizh&#8230; Keltiek ! gant arnodva BLM Laboratory ae Skol-veur Roazhon II (Breizh hag ar &hellip; <a href=\"https:\/\/bretagneceltique.bzh\/?page_id=150\">Continuer la lecture <span class=\"meta-nav\">&rarr;<\/span><\/a><\/p>\n","protected":false},"author":1,"featured_media":0,"parent":0,"menu_order":0,"comment_status":"closed","ping_status":"closed","template":"","meta":{"footnotes":""},"class_list":["post-150","page","type-page","status-publish","hentry"],"_links":{"self":[{"href":"https:\/\/bretagneceltique.bzh\/index.php?rest_route=\/wp\/v2\/pages\/150","targetHints":{"allow":["GET"]}}],"collection":[{"href":"https:\/\/bretagneceltique.bzh\/index.php?rest_route=\/wp\/v2\/pages"}],"about":[{"href":"https:\/\/bretagneceltique.bzh\/index.php?rest_route=\/wp\/v2\/types\/page"}],"author":[{"embeddable":true,"href":"https:\/\/bretagneceltique.bzh\/index.php?rest_route=\/wp\/v2\/users\/1"}],"replies":[{"embeddable":true,"href":"https:\/\/bretagneceltique.bzh\/index.php?rest_route=%2Fwp%2Fv2%2Fcomments&post=150"}],"version-history":[{"count":10,"href":"https:\/\/bretagneceltique.bzh\/index.php?rest_route=\/wp\/v2\/pages\/150\/revisions"}],"predecessor-version":[{"id":411,"href":"https:\/\/bretagneceltique.bzh\/index.php?rest_route=\/wp\/v2\/pages\/150\/revisions\/411"}],"wp:attachment":[{"href":"https:\/\/bretagneceltique.bzh\/index.php?rest_route=%2Fwp%2Fv2%2Fmedia&parent=150"}],"curies":[{"name":"wp","href":"https:\/\/api.w.org\/{rel}","templated":true}]}}