{"id":20,"date":"2023-04-20T16:14:24","date_gmt":"2023-04-20T14:14:24","guid":{"rendered":"https:\/\/bretagneceltique.bzh\/?page_id=20"},"modified":"2023-08-02T18:34:13","modified_gmt":"2023-08-02T16:34:13","slug":"intervenants","status":"publish","type":"page","link":"https:\/\/bretagneceltique.bzh\/?page_id=20","title":{"rendered":"Intervenants &#8211; Prezegennerien &#8211; Speakers"},"content":{"rendered":"\n<p class=\"has-black-color has-text-color\"><strong>Alan Stivell, le grand t\u00e9moin de la journ\u00e9e. <\/strong><br><strong>Alan Stivell, test braz an devezh.  <\/strong><br><strong>Alan Stivell our great witness for the day. <\/strong><\/p>\n\n\n<div class=\"wp-block-image\">\n<figure class=\"aligncenter size-full is-resized\"><img loading=\"lazy\" decoding=\"async\" src=\"https:\/\/bretagneceltique.bzh\/wp-content\/uploads\/2023\/04\/Alan-Stivell.jpg\" alt=\"\" class=\"wp-image-62\" width=\"262\" height=\"262\" srcset=\"https:\/\/bretagneceltique.bzh\/wp-content\/uploads\/2023\/04\/Alan-Stivell.jpg 500w, https:\/\/bretagneceltique.bzh\/wp-content\/uploads\/2023\/04\/Alan-Stivell-300x300.jpg 300w, https:\/\/bretagneceltique.bzh\/wp-content\/uploads\/2023\/04\/Alan-Stivell-150x150.jpg 150w\" sizes=\"auto, (max-width: 262px) 100vw, 262px\" \/><\/figure>\n<\/div>\n\n\n<h2 class=\"wp-block-heading\">Matin &#8211; Mintin &#8211; Morning <\/h2>\n\n\n\n<p>&nbsp;&nbsp; . <strong>Barry Cunliffe<\/strong>, est un arch\u00e9ologue et universitaire britannique. Professeur d&rsquo;arch\u00e9ologie europ\u00e9enne \u00e0 l&rsquo;universit\u00e9 d&rsquo;Oxford de 1972 \u00e0 2007, il est depuis 2007 professeur \u00e9m\u00e9rite. Dans ses travaux ult\u00e9rieurs, il expose la th\u00e8se selon laquelle la culture celtique a pris naissance le long de la fa\u00e7ade Atlantique de l&rsquo;\u00c2ge de Bronze, avant d&rsquo;\u00eatre emmen\u00e9e \u00e0 l&rsquo;int\u00e9rieur des terres, ce qui contraste avec l&rsquo;opinion plus g\u00e9n\u00e9ralement admise selon laquelle les origines celtiques sont li\u00e9es \u00e0 la culture de Hallstatt des Alpes.<\/p>\n\n\n\n<p class=\"has-blue-color has-text-color\">    . <strong>Barry Cunliffe<\/strong> : kelenner skol-veur hag arkeologour brudet eus a Vreizh-Veur. Kelenner war Arkeologiezh Europa e Skol-veur Oxford&nbsp; etre 1972 ha 2007, ha kelenner a-enor abaoe. Hag er bloavezhio\u00f9 diwezha\u00f1 eo bet diorroet ganta\u00f1 teorienn \u2018Kelted ar C\u2019horn\u00f4g\u2019, en ur strolla\u00f1 studio\u00f9 war an arkeologiezh, ar yezhoniezh hag ar genetek. Herveza\u00f1 e c\u2019hellfe beza\u00f1 diorroet ar sevenadur Keltiek a-hed talbenn atlantel e-doug Oadvezh an arem, evit mont war-zu an douar bras goude-se, pa oa eus ar meno boutine oa bet kroget sevenadur ar Gelted gant Hallstatt en Alpo\u00f9 hag e kreiz Europa.<\/p>\n\n\n\n<p class=\"has-text-color\" style=\"color:#3a6a0a\">    . <strong>Barry Cunliffe<\/strong> is a world-renouned British archaeologist and academic. Professor of European Archaeology at Oxford University from 1972 to 2007, he has been Emeritus Professor since 2007. Over the last decades, he developed the theory of the \u2018Celtic from the West\u2019, combining archaeology, linguistic and genetic studies, whereby Celtic culture may have actually developed along the Atlantic fa\u00e7ade during the Bronze Age, to then move inland, whilst general opinion used to relate Celtic origins with the Hallstatt culture of the Alps and central Europe.<\/p>\n\n\n<div class=\"wp-block-image\">\n<figure class=\"aligncenter size-full is-resized\"><img loading=\"lazy\" decoding=\"async\" src=\"https:\/\/bretagneceltique.bzh\/wp-content\/uploads\/2023\/04\/barry-cunliffe.jpg\" alt=\"\" class=\"wp-image-63\" width=\"250\" height=\"283\" srcset=\"https:\/\/bretagneceltique.bzh\/wp-content\/uploads\/2023\/04\/barry-cunliffe.jpg 300w, https:\/\/bretagneceltique.bzh\/wp-content\/uploads\/2023\/04\/barry-cunliffe-265x300.jpg 265w\" sizes=\"auto, (max-width: 250px) 100vw, 250px\" \/><\/figure>\n<\/div>\n\n\n<p>   . <strong>Fabien R\u00e9gnier<\/strong>, ancien \u00e9l\u00e8ve de Venceslas Kruta et de Paul-Marie Duval, participa \u00e0 plusieurs fouilles arch\u00e9ologiques consacr\u00e9es \u00e0 la p\u00e9riode lat\u00e9nienne avant de se consacrer au travail associatif destin\u00e9 \u00e0 permettre au grand public d&rsquo;acc\u00e9der \u00e0 une meilleure connaissance du patrimoine culturel celtique. Il dirige le magazine Keltia, \u00e9galement d\u00e9di\u00e9 aux cultures celtiques et organise des colloques sur cette mati\u00e8re.<\/p>\n\n\n\n<p class=\"has-blue-color has-text-color\">     . <strong>Fabien R\u00e9gnier<\/strong> : Bet studier gant Venceslas Kruta ha Paul-Marie Duval, perzh en deus bet kemeret e furchadego\u00f9 arkeologel war lec\u2019hienno\u00f9 La T\u00e8ne, a-raok en em ouestla\u00f1 d\u2019al labour kevredigezhel, ha brouda\u00f1 evel-se an anaoudegezh ledan eus ar sevenadurio\u00f9 keltiek kement hag er glad sevenadurel keltiek. Mera\u00f1 a ra ivez ar gelaouenn Keltia, gouestlet ivez d\u2019ar sevenadurio\u00f9 keltiek, ha kas a ra prezegenno\u00f9 war an danvez-se ivez.<\/p>\n\n\n\n<p class=\"has-text-color\" style=\"color:#3a6a0a\">     . <strong>Fabien R\u00e9gnier<\/strong> : Former student of Venceslas Kruta and Paul-Marie Duval, took part to a series archaeological excavations of La T\u00e8ne sites before devoting himself to associative work, encouraging wider access and knowledge on the Celtic cultural heritage. He manages the magazine Keltia, also dedicated to Celtic cultures, and organizes conferences on the topic.<\/p>\n\n\n<div class=\"wp-block-image\">\n<figure class=\"aligncenter size-full is-resized\"><img loading=\"lazy\" decoding=\"async\" src=\"https:\/\/bretagneceltique.bzh\/wp-content\/uploads\/2023\/04\/Fabien-regnier.jpg\" alt=\"\" class=\"wp-image-64\" width=\"249\" height=\"237\" srcset=\"https:\/\/bretagneceltique.bzh\/wp-content\/uploads\/2023\/04\/Fabien-regnier.jpg 591w, https:\/\/bretagneceltique.bzh\/wp-content\/uploads\/2023\/04\/Fabien-regnier-300x285.jpg 300w\" sizes=\"auto, (max-width: 249px) 100vw, 249px\" \/><\/figure>\n<\/div>\n\n\n<p>&nbsp;&nbsp; .<strong> Patrick Galliou<\/strong> : Professeur agr\u00e9g\u00e9 d\u2019anglais et titulaire de deux doctorats en anglais et en histoire ancienne, Patrick Galliou est un sp\u00e9cialiste du monde celte. Titulaire de deux doctorats, d&rsquo;anglais (Universit\u00e9 de Bretagne occidentale) et d&rsquo;histoire ancienne (Universit\u00e9 de Paris-IV Sorbonne), il a particip\u00e9 \u00e0 de nombreuses fouilles dans l&rsquo;Ouest de la Bretagne et publi\u00e9 plus de sept cents articles et ouvrages, dont la correspondance entre G.-B. Shaw et Augustin Hamon, son traducteur fran\u00e7ais. Ancien pr\u00e9sident de la Soci\u00e9t\u00e9 d&rsquo;\u00e9tude de Brest et du L\u00e9on (1995-2012) et de la Soci\u00e9t\u00e9 arch\u00e9ologique du Finist\u00e8re (2005-2017), il fait partie du Centre de recherche bretonne et celtique (UBO), du comit\u00e9 de r\u00e9daction d&rsquo;<em>\u00c9tudes celtiques<\/em> (CNRS) et de la Soci\u00e9t\u00e9 d&rsquo;histoire et d&rsquo;arch\u00e9ologie de Bretagne, est <em>fellow<\/em> de la <em>Society of Antiquaries of London<\/em> et officier des Palmes acad\u00e9miques. Professeur \u00e9m\u00e9rite des Universit\u00e9s.<\/p>\n\n\n\n<p class=\"has-blue-color has-text-color\">   . <strong>Patrick Galliou&nbsp; <\/strong>: kelenner agregat war ar Saozned, gant daou zoktorelezh e Saozneg hag en henistor, hag arbennikaet war ar bed keltiek. En tu all d\u2019e zaou zoktorelezh, unan e Saozneg (Skol-veur Brest) ha war an Henistor (Skol-veur Paris-IV Sorbonne), en deus bet kemerte perzh e meur a furchadeg e Breizh-Izel, hag embannet ez eus bet ganta\u00f1 en tu all da seizh kant levr ha pennad, en o zouez an eskemm lizhiri etre George Bernard Shaw hag Augustin Hamon a oa e droour e Galleg. Bet eo ivez prezidant Kevredad Studi Brest ha Bro-Leon (1995-2012) hag eus Kevredad Arkeologouriezh Penn-ar-Bed (2005-2017), hag ezel eo eus Kreizenn an Enklasko\u00f9 Breizek ha Keltiek Skol-veur Brest), eus kuzul skridaozerien ar Studio\u00f9 Keltiek (CNRS), eus Kevredad Istor hag Arkeologiezh Breizh, ha <em>fellow<\/em> (keneil) <em>&nbsp;Society of Antiquaries of London.<\/em> Ofiser ar \u201cPalmez akademek\u201d, ha Kelenner emerit ar Skolio\u00f9-meur.<\/p>\n\n\n\n<p class=\"has-text-color\" style=\"color:#3a6a0a\">    . <strong>Patrick Galliou<\/strong> &nbsp;: is an associate professor of English with doctorates in English and ancient history, and a specialist in the Celtic world. Holder of two doctorates, in English (University of Western Brittany, Brest) and Ancient History (University of Paris-IV Sorbonne), he managed and took part in numerous excavations in Western Brittany and published over seven hundred articles and books, including the correspondence between George Bernard Shaw and Augustin Hamon, his French translator. Former president of the Soci\u00e9t\u00e9 d&rsquo;\u00e9tude de Brest et du L\u00e9on (Brest &amp; L\u00e9on Studies, 1995-2012) and the Soci\u00e9t\u00e9 arch\u00e9ologique du Finist\u00e8re (Finist\u00e8re Arachaeological Society 2005-2017), he is&nbsp; member of the \u201cCentre de Recherche Bretonne et Celtique\u201d (Breton &amp; Celtic Research Centre, as part of Breton Western University), of the editorial board of Celtic Studies (CNRS), the Soci\u00e9t\u00e9 d&rsquo;histoire et d&rsquo;arch\u00e9ologie de Bretagne, and a fellow of the Society of Antiquaries of London. Officer of the \u201cPalmes acad\u00e9miques\u201d, Professor emeritus of the Universities.<\/p>\n\n\n<div class=\"wp-block-image\">\n<figure class=\"aligncenter size-full\"><img loading=\"lazy\" decoding=\"async\" width=\"275\" height=\"183\" src=\"https:\/\/bretagneceltique.bzh\/wp-content\/uploads\/2023\/04\/Patrick-Galliou.jpg\" alt=\"\" class=\"wp-image-65\"\/><\/figure>\n<\/div>\n\n\n<p><\/p>\n\n\n\n<p>&nbsp;&nbsp; . <strong>Herv\u00e9 Le Bihan<\/strong>, est Professeur des universit\u00e9s Directeur du d\u00e9partement de Breton Celtique, enseignant au d\u00e9partement de breton \u00e0 l&rsquo;Universit\u00e9 de Rennes-2. <\/p>\n\n\n\n<p class=\"has-blue-color has-text-color\">   . <strong>Herve Bihan <\/strong>: Kelenner Skol-veur, Rener rann ar Brezhoneg hag ar Yezho\u00f9 Keltiek, ha lenner e Rann ar Brezhoneg e Skol-veur Roazhon 2.<\/p>\n\n\n\n<p class=\"has-text-color\" style=\"color:#3a6a0a\">   . <strong>Herv\u00e9 Le Bihan<\/strong> : University Professor, Director of the Breton Celtic Department, and lecturer in the Breton Department at Rennes 2 University.<\/p>\n\n\n<div class=\"wp-block-image\">\n<figure class=\"aligncenter size-full is-resized\"><img loading=\"lazy\" decoding=\"async\" src=\"https:\/\/bretagneceltique.bzh\/wp-content\/uploads\/2023\/04\/Herve-Bihan.jpg\" alt=\"\" class=\"wp-image-66\" width=\"294\" height=\"441\" srcset=\"https:\/\/bretagneceltique.bzh\/wp-content\/uploads\/2023\/04\/Herve-Bihan.jpg 400w, https:\/\/bretagneceltique.bzh\/wp-content\/uploads\/2023\/04\/Herve-Bihan-200x300.jpg 200w\" sizes=\"auto, (max-width: 294px) 100vw, 294px\" \/><\/figure>\n<\/div>\n\n\n<p>&nbsp;&nbsp; . <strong>Simon Rodway<\/strong> est dipl\u00f4m\u00e9 d&rsquo;\u00e9tudes celtiques et a un doctorat sur la langue galloise du moyen-\u00e2ge, professeur \u00e0 l&rsquo;universit\u00e9 d&rsquo;Aberyswyth (pays de Galles). Directeur de <em>The Journal of Celtic Studies.<\/em><\/p>\n\n\n\n<p class=\"has-blue-color has-text-color\">   . <strong>Simon Rodway<\/strong> : kelenner e Skol-veur Aberyswyth&nbsp; (Bro-Gembre). Rener ar Journal of Celtic Studies (Kelaouenn ar Studio\u00f9 Keltiek), bet en deus un diplom e Studio\u00f9 Keltiek hag uroktorelezh e Kembraeg Krenn. Labourat a ra war dachenn ar C\u2019hembraeg krenn, Dornskrido\u00f9 Kembraek ar Grennamzer, Iwerzhoneg krenn hag Hen-Iwerzhoneg, ha Lizheregouriezh Keltiek.<\/p>\n\n\n\n<p class=\"has-text-color\" style=\"color:#3a6a0a\">    . <strong>Simon Rodway<\/strong> : Professor at Aberyswyth University (Wales). Director of The Journal of Celtic Studies, he holds a degree in Celtic Studies and a PhD in Medieval Welsh language. His research areas are Middle Welsh, medieval Welsh manuscripts, Old and Middle Irish and Celtic philology.<\/p>\n\n\n<div class=\"wp-block-image\">\n<figure class=\"aligncenter size-full is-resized\"><img loading=\"lazy\" decoding=\"async\" src=\"https:\/\/bretagneceltique.bzh\/wp-content\/uploads\/2023\/05\/Simon-Rodway.jpg\" alt=\"\" class=\"wp-image-174\" width=\"313\" height=\"419\" srcset=\"https:\/\/bretagneceltique.bzh\/wp-content\/uploads\/2023\/05\/Simon-Rodway.jpg 597w, https:\/\/bretagneceltique.bzh\/wp-content\/uploads\/2023\/05\/Simon-Rodway-224x300.jpg 224w\" sizes=\"auto, (max-width: 313px) 100vw, 313px\" \/><\/figure>\n<\/div>\n\n\n<h2 class=\"wp-block-heading\">&nbsp;&nbsp; Apr\u00e8s-Midi &#8211; Goude lein &#8211; Afternoon <\/h2>\n\n\n\n<p>&nbsp;&nbsp; . <strong>Corinne Poulain<\/strong> Titulaire d&rsquo;une th\u00e8se de doctorat en Ethnologie Europ\u00e9enne (Universit\u00e9 Humboldt de Berlin), Corinne Poulain est directrice g\u00e9n\u00e9rale des Champs Libres \u00e0 Rennes depuis septembre 2018, poste qu\u2019elle occupe apr\u00e8s avoir \u00e9t\u00e9 la directrice des affaires<br>culturelles de la ville de Rennes et de Rennes M\u00e9tropole. Elle a auparavant assum\u00e9 les fonctions de directrice de la culture de la ville d&rsquo;Aubervilliers et du Conseil d\u00e9partemental du Val-de-Marne, \u0153uvr\u00e9 comme conseill\u00e8re aupr\u00e8s des Ministres de la Culture Aur\u00e9lie Filippetti et Fleur Pellerin.<\/p>\n\n\n\n<p class=\"has-blue-color has-text-color\">. <strong>Corinne Poulain<\/strong>  Anvad un dezenn e etnologiezh Europa (Skol-Uhel Humboldt eus Berlin), renerezh ar Champs Libres Roazhon eo-hi abaoe 2008. Er post-se ema\u00f1 goude beza\u00f1 bet renerezh aferio\u00f9 ar sevenadur e Ti-Ker Roazhon ha Roazhon Meurger. Bet e oa en araog renerezh ar sevenadur e Ti-Ker Aubervilliers ha Kuzul Departamant Val-de-Marne, hag ivez kuzulierezh tost ouzh Ministrezhed ar Sevenadur Aurelie Filippetti ha Fleur Pellerin. <\/p>\n\n\n\n<p class=\"has-text-color\" style=\"color:#3a6a0a\">    . <strong>Corinne Poulain<\/strong> : Holder of a PhD thesis in European Ethnology (Humboldt University of Berlin), Corinne Poulain has been Director General of the Champs Libres in Rennes since September 2018, a position she holds after having been Director of Culture Department of<br>the city of Rennes and Rennes M\u00e9tropole. She previously held the position of Director of Culture of the city of Aubervilliers and of the Departmental Council of Val-de-Marne, working as advisor to the Ministers of Culture Aur\u00e9lie Filippetti and Fleur Pellerin.<\/p>\n\n\n<div class=\"wp-block-image\">\n<figure class=\"aligncenter size-full is-resized\"><img loading=\"lazy\" decoding=\"async\" src=\"https:\/\/bretagneceltique.bzh\/wp-content\/uploads\/2023\/05\/Corinne-Poulain.jpg\" alt=\"\" class=\"wp-image-143\" width=\"309\" height=\"464\" srcset=\"https:\/\/bretagneceltique.bzh\/wp-content\/uploads\/2023\/05\/Corinne-Poulain.jpg 598w, https:\/\/bretagneceltique.bzh\/wp-content\/uploads\/2023\/05\/Corinne-Poulain-200x300.jpg 200w\" sizes=\"auto, (max-width: 309px) 100vw, 309px\" \/><\/figure>\n<\/div>\n\n\n<p>&nbsp;&nbsp; . <strong>Erwan Chartier<\/strong> est un journaliste, un enseignant et un chercheur en politologie sp\u00e9cialis\u00e9 dans l&rsquo;histoire de Bretagne et le r\u00e9gionalisme, un \u00e9diteur et un \u00e9crivain breton. Il est l&rsquo;auteur d&rsquo;une th\u00e8se \u00ab\u00a0La Construction de l&rsquo;interceltisme en Bretagne, des origines \u00e0 nos jours. Mise en perspective historique et politique\u00a0\u00bb. Erwan Chartier a travaill\u00e9 pour la revue Ar Men, il contribue r\u00e9guli\u00e8rement au quotidien Le T\u00e9l\u00e9gramme et est directeur de l&rsquo;hebdomadaire Le Poher. <\/p>\n\n\n\n<p class=\"has-blue-color has-text-color\">    . <strong>Erwan Chartier<\/strong>&nbsp; : Kazetenner hag enklasker politikel arbennikaet war istor Breizh hag ar rannvroelezh, met ivez embanner ha skrivagner. Skrivet e oa bet ganta\u00f1 un dezenn war \u2018Sevel an Etrekeltiegezh e Breizh adalek an dero\u00f9 betek an deiz a-hiriv, ur sav-poent politikel&nbsp;\u00bb. Labouret en deus Erwan Chartier evit ar gelaouenn \u201cAr Men\u201d, hag ingl e kemer pezh er gazetenn \u201cLe T\u00e9l\u00e9gramme\u201d ha rener ar gazetenn ar Poher.<\/p>\n\n\n\n<p class=\"has-text-color\" style=\"color:#3a6a0a\">    . <strong>Erwan Chartier<\/strong> &nbsp;: Journalist, teacher and political researcher specializing in the history of Brittany and regionalism, as well as a Breton publisher and writer. He is the author of a thesis on \u2018The Construction of Interceltism in Brittany, entitled from origins, till nowadays. A historical and political perspective&nbsp;\u00bb. Erwan Chartier has worked for the magazine \u201cAr Men\u201d, is a regular contributor to the daily \u201cLe T\u00e9l\u00e9gramme\u201d and director of the weekly \u201cLe Poher\u201d.<\/p>\n\n\n<div class=\"wp-block-image\">\n<figure class=\"aligncenter size-full is-resized\"><img loading=\"lazy\" decoding=\"async\" src=\"https:\/\/bretagneceltique.bzh\/wp-content\/uploads\/2023\/04\/Erwan-Chartier.jpg\" alt=\"\" class=\"wp-image-67\" width=\"319\" height=\"462\" srcset=\"https:\/\/bretagneceltique.bzh\/wp-content\/uploads\/2023\/04\/Erwan-Chartier.jpg 279w, https:\/\/bretagneceltique.bzh\/wp-content\/uploads\/2023\/04\/Erwan-Chartier-207x300.jpg 207w\" sizes=\"auto, (max-width: 319px) 100vw, 319px\" \/><\/figure>\n<\/div>\n\n\n<p>    . <strong>Roger Faligot<\/strong> est  reporter et \u00e9crivain. Auteur d&rsquo;ouvrages sur l&rsquo;Irlande et la Bretagne, dont : \u00ab\u00a0La Harpe &amp; l&rsquo;Hermine\u00a0\u00bb, \u00ab\u00a0La r\u00e9sistance irlandaise\u00a0\u00bb, \u00ab\u00a0James Connolly et le mouvement r\u00e9volutionnaire irlandais\u00a0\u00bb, \u00ab\u00a0L&rsquo;Irlandais de Bonaparte\u00a0\u00bb, \u00ab\u00a0Les myst\u00e8res d&rsquo;Irlande\u00a0\u00bb. Correspondant du journal Lib\u00e9ration en Irlande dans les ann\u00e9es 70, ex-collaborateur d&rsquo;Hibernia, de l&rsquo;Irish Times \u00e0 Paris, et du Sunday Tribune de Dublin. Ancien pr\u00e9sident de l&rsquo;Association des journalistes bretons et des pays celtiques.<\/p>\n\n\n\n<p class=\"has-blue-color has-text-color\">    . <strong>Roger Faligot <\/strong>: kazetenner ha skrivagner. Levrio\u00f9 en deus savet diwar-benn Iwerzhon ha Breizh, en o zouez \u00ab\u00a0La Harpe &amp; l&rsquo;Hermine\u00a0\u00bb (Telenn hag Erminig), \u00ab\u00a0La r\u00e9sistance irlandaise\u00a0\u00bb (Ar rezista\u00f1s iwerzhonat), \u00ab\u00a0James Connolly et le mouvement r\u00e9volutionnaire irlandais\u00a0\u00bb (James Connoly hag an emsav dispac\u2019hel en Iwerzhon), \u00ab\u00a0L&rsquo;Irlandais de Bonaparte\u00a0\u00bb (Iwerzhonat Bonapart), \u00ab\u00a0Les myst\u00e8res d&rsquo;Irlande\u00a0\u00bb (Kevrino\u00f9 Iwerzhon). Kenskriver eo d\u2019ar gazetenn \u201cLib\u00e9ration\u201d en Iwerzhon er bloavezhio\u00f9 70, bet kenskriver da \u201cHibernia\u201d, an \u201cIrish Times\u201d e Pariz ha d\u2019ar \u201cSunday Tribune\u201d e Dulenn. Bet eo ivez prezidant Kevredad Kazetennerien Breizh hag ar Broio\u00f9 Keltiek.<\/p>\n\n\n\n<p class=\"has-text-color\" style=\"color:#3a6a0a\">    . <strong>Roger Faligot<\/strong> is a reporter and writer. Author of books on Ireland and Brittany, including \u00ab\u00a0La Harpe &amp; l&rsquo;Hermine\u00a0\u00bb, \u00ab\u00a0La r\u00e9sistance irlandaise\u00a0\u00bb, \u00ab\u00a0James Connolly et le mouvement r\u00e9volutionnaire irlandais\u00a0\u00bb, \u00ab\u00a0L&rsquo;Irlandais de Bonaparte\u00a0\u00bb, \u00ab\u00a0Les myst\u00e8res d&rsquo;Irlande\u00a0\u00bb. Correspondent for \u201cLib\u00e9ration\u201d in Ireland in the 70\u2019s, former contributor to \u201cHibernia\u201d, the \u201cIrish Times\u201d in Paris and the \u201cSunday Tribune\u201d in Dublin. Former president of the Association journalists from Brittany and the Celtic countries.<\/p>\n\n\n<div class=\"wp-block-image\">\n<figure class=\"aligncenter size-full is-resized\"><img loading=\"lazy\" decoding=\"async\" src=\"https:\/\/bretagneceltique.bzh\/wp-content\/uploads\/2023\/04\/Roger-Faligot.webp\" alt=\"\" class=\"wp-image-68\" width=\"314\" height=\"313\" srcset=\"https:\/\/bretagneceltique.bzh\/wp-content\/uploads\/2023\/04\/Roger-Faligot.webp 420w, https:\/\/bretagneceltique.bzh\/wp-content\/uploads\/2023\/04\/Roger-Faligot-300x300.webp 300w, https:\/\/bretagneceltique.bzh\/wp-content\/uploads\/2023\/04\/Roger-Faligot-150x150.webp 150w\" sizes=\"auto, (max-width: 314px) 100vw, 314px\" \/><\/figure>\n<\/div>\n\n\n<p>&nbsp;&nbsp;   . <strong>Jo\u00ebl Cornette<\/strong>, brestois, historien sp\u00e9cialiste de l&rsquo;Ancien R\u00e9gime, il est l&rsquo;auteur de plusieurs ouvrages sur l&rsquo;histoire de la Bretagne. professeur \u00e9m\u00e9rite des Universit\u00e9s.<\/p>\n\n\n\n<p class=\"has-blue-color has-text-color\">     .<strong> Jo\u00ebl Cornette<\/strong> : Arbennikaet eo an istorour genidik eus Brest war ar Renad Kozh e Bro-C\u2019hall, dreist-holl er XVIIvet kantved. Skrivet en deus meur a levr diwar-benn Istor Breizh ha Bro C\u2019hall. Kelenner emerit eus ar Skolio\u00f9-meur eo, hag ofiser ar \u201cPalmez Akademek\u201d.<\/p>\n\n\n\n<p class=\"has-text-color\" style=\"color:#3a6a0a\"><strong> <\/strong>  .  <strong>Jo\u00ebl Cornette<\/strong> : Originally from Brest, he is a historian specializing in the French Ancien R\u00e9gime, particularly the XVIIth century, author of numerous books over France and Brittany\u2019s history. Professor emeritus of the Universities, Officer of the \u201cPalmes Acad\u00e9miques\u201d.<\/p>\n\n\n<div class=\"wp-block-image\">\n<figure class=\"aligncenter size-large is-resized\"><img loading=\"lazy\" decoding=\"async\" src=\"https:\/\/bretagneceltique.bzh\/wp-content\/uploads\/2023\/04\/Joel-Cornette-683x1024.jpg\" alt=\"\" class=\"wp-image-69\" width=\"308\" height=\"461\" srcset=\"https:\/\/bretagneceltique.bzh\/wp-content\/uploads\/2023\/04\/Joel-Cornette-683x1024.jpg 683w, https:\/\/bretagneceltique.bzh\/wp-content\/uploads\/2023\/04\/Joel-Cornette-200x300.jpg 200w, https:\/\/bretagneceltique.bzh\/wp-content\/uploads\/2023\/04\/Joel-Cornette-768x1152.jpg 768w, https:\/\/bretagneceltique.bzh\/wp-content\/uploads\/2023\/04\/Joel-Cornette.jpg 800w\" sizes=\"auto, (max-width: 308px) 100vw, 308px\" \/><\/figure>\n<\/div>\n\n\n<p class=\"has-text-align-left\"> <\/p>\n\n\n\n<p>&nbsp;&nbsp;    . <strong>Rozenn Milin<\/strong> est historienne de formation, et titulaire d&rsquo;un doctorat en sociologie. Professionnelle de l&rsquo;audiovisuel, engag\u00e9e dans la sauvegarde de la diversit\u00e9 culturelle et particuli\u00e8rement linguistique, elle est par ailleurs pr\u00e9sidente du  <a href=\"https:\/\/www.bretagne.bzh\/region\/assemblees-consultatives\/ccb\/\">Conseil Culturel de Bretagne<\/a>.<\/p>\n\n\n\n<p class=\"has-blue-color has-text-color\">    . <strong>Rozenn Milin<\/strong> : war ar vicher e bed ar c\u2019hleweled,&nbsp; bet renerez an abadenno\u00f9 e TV Breizh, engouestlet er stourm evit gwarezi\u00f1 al liested sevenadurel, liested yezhoniel dreist-holl. Prezidantez Kuzul Sevenadurel Breizh eo abaoe warlene. <\/p>\n\n\n\n<p class=\"has-text-color\" style=\"color:#3a6a0a\">    . <strong>Rozenn Milin<\/strong> is an historian and holds a doctorate of sociology. Audiovisual professionnal, committed to saveguarding cultural and particularly linguistic diversity, she is also president of the Cultural Council of Brittany.<\/p>\n\n\n<div class=\"wp-block-image\">\n<figure class=\"aligncenter size-full is-resized\"><img loading=\"lazy\" decoding=\"async\" src=\"https:\/\/bretagneceltique.bzh\/wp-content\/uploads\/2023\/04\/rozenn-milin.jpg\" alt=\"\" class=\"wp-image-71\" width=\"310\" height=\"227\" srcset=\"https:\/\/bretagneceltique.bzh\/wp-content\/uploads\/2023\/04\/rozenn-milin.jpg 500w, https:\/\/bretagneceltique.bzh\/wp-content\/uploads\/2023\/04\/rozenn-milin-300x220.jpg 300w\" sizes=\"auto, (max-width: 310px) 100vw, 310px\" \/><\/figure>\n<\/div>\n\n\n<p><\/p>\n\n\n\n<p>     . <strong>Jean-Philippe Mauras<\/strong>, directeur du <a href=\"https:\/\/www.festival-interceltique.bzh\/\">Festival interceltique de Lorient<\/a>.<\/p>\n\n\n\n<p class=\"has-blue-color has-text-color\">    . <strong>Jean-Philippe Mauras<\/strong> : Rener <a href=\"https:\/\/www.festival-interceltique.bzh\/\">Gouel Etrekeltiek an Oriant<\/a>.<\/p>\n\n\n\n<p class=\"has-text-color\" style=\"color:#3a6a0a\">    . <strong>Jean-Philippe Mauras<\/strong> : director of the <a rel=\"noreferrer noopener\" href=\"https:\/\/www.festival-interceltique.bzh\/\" data-type=\"URL\" data-id=\"https:\/\/www.festival-interceltique.bzh\/\" target=\"_blank\">Lorient Interceltic Festival<\/a>.<\/p>\n\n\n<div class=\"wp-block-image\">\n<figure class=\"aligncenter size-full is-resized\"><img loading=\"lazy\" decoding=\"async\" src=\"https:\/\/bretagneceltique.bzh\/wp-content\/uploads\/2023\/05\/Jean-Philippe-Mauras.webp\" alt=\"\" class=\"wp-image-146\" width=\"345\" height=\"258\" srcset=\"https:\/\/bretagneceltique.bzh\/wp-content\/uploads\/2023\/05\/Jean-Philippe-Mauras.webp 1024w, https:\/\/bretagneceltique.bzh\/wp-content\/uploads\/2023\/05\/Jean-Philippe-Mauras-300x225.webp 300w, https:\/\/bretagneceltique.bzh\/wp-content\/uploads\/2023\/05\/Jean-Philippe-Mauras-768x576.webp 768w\" sizes=\"auto, (max-width: 345px) 100vw, 345px\" \/><\/figure>\n<\/div>\n\n\n<p>    . <strong>Rozenn Leroy<\/strong>, pr\u00e9sidente de <a href=\"https:\/\/www.kenleur.bzh\/\">Kenleur<\/a>, une conf\u00e9d\u00e9ration de plus de 200 associations culturelles et cercles celtiques qui promeuvent la danse bretonne, les costumes et le patrimoine breton en g\u00e9n\u00e9ral. <\/p>\n\n\n\n<p class=\"has-blue-color has-text-color\">    . <strong>Rozenn Leroy<\/strong>, Presidantez Kenleur, kengevredad en tu all da 200 kevredad sevenadurel ha Kelc\u2019hio\u00f9 Keltiek, o kas war-raok da\u00f1so\u00f9, gwiskamanto\u00f9 hag glad sevenadurel Breizh dre vras.<\/p>\n\n\n\n<p class=\"has-text-color\" style=\"color:#3a6a0a\">    . <strong>Rozenn Leroy<\/strong>, President of <a href=\"https:\/\/www.kenleur.bzh\/\" data-type=\"URL\" data-id=\"https:\/\/www.kenleur.bzh\/\">Kenleur<\/a>, a confederation of over 200 cultural associations and celtic circles, promoting Breton danses, costumes and Breton heritage more generally. <\/p>\n\n\n<div class=\"wp-block-image\">\n<figure class=\"aligncenter size-full is-resized\"><img loading=\"lazy\" decoding=\"async\" src=\"https:\/\/bretagneceltique.bzh\/wp-content\/uploads\/2023\/05\/Rozenn-Leroy.jpg\" alt=\"\" class=\"wp-image-147\" width=\"347\" height=\"378\" srcset=\"https:\/\/bretagneceltique.bzh\/wp-content\/uploads\/2023\/05\/Rozenn-Leroy.jpg 576w, https:\/\/bretagneceltique.bzh\/wp-content\/uploads\/2023\/05\/Rozenn-Leroy-275x300.jpg 275w\" sizes=\"auto, (max-width: 347px) 100vw, 347px\" \/><\/figure>\n<\/div>\n\n\n<p>. <strong>Malo Bou\u00ebssel du Bourg<\/strong>, directeur g\u00e9n\u00e9ral de <a href=\"https:\/\/www.produitenbretagne.bzh\/\">Produit en Bretagne<\/a>.<\/p>\n\n\n\n<p> . <strong>Malo Bou\u00ebssel du Bourg<\/strong>, Merour <a href=\"https:\/\/www.produitenbretagne.bzh\/\" data-type=\"URL\" data-id=\"https:\/\/www.produitenbretagne.bzh\/\">Produet e Breizh<\/a>&nbsp;.<\/p>\n\n\n\n<p class=\"has-text-color\" style=\"color:#3a6a0a\">. <strong>Malo Bou\u00ebssel du Bourg<\/strong>, General Manager of  <a href=\"https:\/\/www.produitenbretagne.bzh\/\" data-type=\"URL\" data-id=\"https:\/\/www.produitenbretagne.bzh\/\" target=\"_blank\" rel=\"noreferrer noopener\">Produit en Bretagne<\/a>.<\/p>\n\n\n<div class=\"wp-block-image\">\n<figure class=\"aligncenter size-full is-resized\"><img loading=\"lazy\" decoding=\"async\" src=\"https:\/\/bretagneceltique.bzh\/wp-content\/uploads\/2023\/05\/Malo-Bouessel-du-Bourg.jpg\" alt=\"\" class=\"wp-image-148\" width=\"338\" height=\"338\" srcset=\"https:\/\/bretagneceltique.bzh\/wp-content\/uploads\/2023\/05\/Malo-Bouessel-du-Bourg.jpg 250w, https:\/\/bretagneceltique.bzh\/wp-content\/uploads\/2023\/05\/Malo-Bouessel-du-Bourg-150x150.jpg 150w\" sizes=\"auto, (max-width: 338px) 100vw, 338px\" \/><\/figure>\n<\/div>\n\n\n<p><strong>    <\/strong>. <strong>Nolwenn Faligot<\/strong>, styliste, pr\u00e9sidente de <a href=\"https:\/\/www.pevarzek.bzh\/\">Pevarzek<\/a><\/p>\n\n\n\n<p class=\"has-blue-color has-text-color\">    . <strong>Nolwenn Faligot<\/strong>, stilourez ha dizagnourez, prezidantez Pevarzek<\/p>\n\n\n\n<p class=\"has-text-color\" style=\"color:#3a6a0a\">    .<strong> Nolwenn Faligot<\/strong>, stylist and designer, president of association Pevarzek<\/p>\n\n\n<div class=\"wp-block-image\">\n<figure class=\"aligncenter size-full is-resized\"><img loading=\"lazy\" decoding=\"async\" src=\"https:\/\/bretagneceltique.bzh\/wp-content\/uploads\/2023\/05\/nolwenn-faligot-1.jpg\" alt=\"\" class=\"wp-image-191\" width=\"342\" height=\"277\" srcset=\"https:\/\/bretagneceltique.bzh\/wp-content\/uploads\/2023\/05\/nolwenn-faligot-1.jpg 1000w, https:\/\/bretagneceltique.bzh\/wp-content\/uploads\/2023\/05\/nolwenn-faligot-1-300x243.jpg 300w, https:\/\/bretagneceltique.bzh\/wp-content\/uploads\/2023\/05\/nolwenn-faligot-1-768x623.jpg 768w\" sizes=\"auto, (max-width: 342px) 100vw, 342px\" \/><\/figure>\n<\/div>\n\n\n<p>. <strong>Mark Drakeford<\/strong>, Premier Ministre du Pays de Galles<\/p>\n\n\n\n<p class=\"has-blue-color has-text-color\">. <strong>Mark Drakeford<\/strong>, Pennvinistr Bro Gembre<\/p>\n\n\n\n<p class=\"has-text-color\" style=\"color:#3a6a0a\">. <strong>Mark Drakeford<\/strong>, First Minister of Wales<\/p>\n\n\n<div class=\"wp-block-image\">\n<figure class=\"aligncenter size-large is-resized\"><img loading=\"lazy\" decoding=\"async\" src=\"https:\/\/bretagneceltique.bzh\/wp-content\/uploads\/2023\/07\/FMWales-1024x1024.webp\" alt=\"\" class=\"wp-image-399\" width=\"345\" height=\"345\" srcset=\"https:\/\/bretagneceltique.bzh\/wp-content\/uploads\/2023\/07\/FMWales-1024x1024.webp 1024w, https:\/\/bretagneceltique.bzh\/wp-content\/uploads\/2023\/07\/FMWales-300x300.webp 300w, https:\/\/bretagneceltique.bzh\/wp-content\/uploads\/2023\/07\/FMWales-150x150.webp 150w, https:\/\/bretagneceltique.bzh\/wp-content\/uploads\/2023\/07\/FMWales-768x768.webp 768w, https:\/\/bretagneceltique.bzh\/wp-content\/uploads\/2023\/07\/FMWales.webp 1200w\" sizes=\"auto, (max-width: 345px) 100vw, 345px\" \/><\/figure>\n<\/div>\n\n\n<p>. <strong>Niall Burgess<\/strong>, Ambassadeur d&rsquo;Irlande en France<\/p>\n\n\n\n<p class=\"has-blue-color has-text-color\">. <strong>Niall Burgess<\/strong>, Kannadour Bro Iwerzhon e Bro Fra\u00f1s<\/p>\n\n\n\n<p><\/p>\n\n\n<div class=\"wp-block-image\">\n<figure class=\"aligncenter size-full\"><img loading=\"lazy\" decoding=\"async\" width=\"282\" height=\"285\" src=\"https:\/\/bretagneceltique.bzh\/wp-content\/uploads\/2023\/08\/niall-b.jpg\" alt=\"\" class=\"wp-image-423\"\/><\/figure>\n<\/div>\n\n\n<p>  . <strong>Lo\u00efg Chesnais-Girard<\/strong>, pr\u00e9sident du Conseil r\u00e9gional de Bretagne<\/p>\n\n\n\n<p class=\"has-blue-color has-text-color\"> . <strong>Lo\u00efg Chesnais-Girard<\/strong>, prezidant Rannvro Breizh<\/p>\n\n\n\n<p class=\"has-text-color\" style=\"color:#3a6a0a\">. <strong>Lo\u00efg Chesnais-Girard<\/strong>, President of the Regional Council of Brittany<\/p>\n\n\n<div class=\"wp-block-image\">\n<figure class=\"aligncenter size-full is-resized\"><img loading=\"lazy\" decoding=\"async\" src=\"https:\/\/bretagneceltique.bzh\/wp-content\/uploads\/2023\/06\/LoigChesnaisGirard.jpg\" alt=\"\" class=\"wp-image-365\" width=\"344\" height=\"344\" srcset=\"https:\/\/bretagneceltique.bzh\/wp-content\/uploads\/2023\/06\/LoigChesnaisGirard.jpg 400w, https:\/\/bretagneceltique.bzh\/wp-content\/uploads\/2023\/06\/LoigChesnaisGirard-300x300.jpg 300w, https:\/\/bretagneceltique.bzh\/wp-content\/uploads\/2023\/06\/LoigChesnaisGirard-150x150.jpg 150w\" sizes=\"auto, (max-width: 344px) 100vw, 344px\" \/><\/figure>\n<\/div>\n\n\n<p><\/p>\n\n\n\n<p>   . <strong>Fabrice Loher<\/strong>, maire de Lorient, pr\u00e9sident de Lorient Agglom\u00e9ration<\/p>\n\n\n\n<div class=\"wp-block-columns is-layout-flex wp-container-core-columns-is-layout-9d6595d7 wp-block-columns-is-layout-flex\">\n<div class=\"wp-block-column is-vertically-aligned-center is-layout-flow wp-block-column-is-layout-flow\"><\/div>\n\n\n\n<div class=\"wp-block-column is-layout-flow wp-block-column-is-layout-flow\" style=\"flex-basis:100%\">\n<p class=\"has-blue-color has-text-color\">. <strong>Fabrice Loher<\/strong>, maer an Oriant, prezidant Tolpad-Kerio\u00f9 An Oriant<\/p>\n<\/div>\n<\/div>\n\n\n\n<p class=\"has-text-color\" style=\"color:#3a6a0a\">. <strong>Fabrice Loher<\/strong>, Mayor of Lorient, President of Lorient Agglomeration<\/p>\n\n\n<div class=\"wp-block-image\">\n<figure class=\"aligncenter size-full is-resized\"><img loading=\"lazy\" decoding=\"async\" src=\"https:\/\/bretagneceltique.bzh\/wp-content\/uploads\/2023\/06\/FabriceLoher.jpg\" alt=\"\" class=\"wp-image-366\" width=\"348\" height=\"196\" srcset=\"https:\/\/bretagneceltique.bzh\/wp-content\/uploads\/2023\/06\/FabriceLoher.jpg 500w, https:\/\/bretagneceltique.bzh\/wp-content\/uploads\/2023\/06\/FabriceLoher-300x169.jpg 300w\" sizes=\"auto, (max-width: 348px) 100vw, 348px\" \/><\/figure>\n<\/div>\n\n\n<p>Des interm\u00e8des musicaux seront interpr\u00e9t\u00e9s par la chanteuse <strong>Morwenn Le Normand<\/strong>.<\/p>\n\n\n\n<p class=\"has-blue-color has-text-color\">Abadenno\u00f9 kan a vo kinniget deoc\u2019h gant <strong>Morwenn Le Normand<\/strong>.<\/p>\n\n\n\n<p class=\"has-text-color\" style=\"color:#3a6a0a\">Musical breaks will be performed by singer <strong>Morwenn Le Normand<\/strong>.<\/p>\n\n\n<div class=\"wp-block-image\">\n<figure class=\"aligncenter size-full is-resized\"><img loading=\"lazy\" decoding=\"async\" src=\"https:\/\/bretagneceltique.bzh\/wp-content\/uploads\/2023\/05\/Morwenn-Le-Normand.jpg\" alt=\"\" class=\"wp-image-139\" width=\"337\" height=\"202\" srcset=\"https:\/\/bretagneceltique.bzh\/wp-content\/uploads\/2023\/05\/Morwenn-Le-Normand.jpg 820w, https:\/\/bretagneceltique.bzh\/wp-content\/uploads\/2023\/05\/Morwenn-Le-Normand-300x181.jpg 300w, https:\/\/bretagneceltique.bzh\/wp-content\/uploads\/2023\/05\/Morwenn-Le-Normand-768x463.jpg 768w\" sizes=\"auto, (max-width: 337px) 100vw, 337px\" \/><\/figure>\n<\/div>\n\n\n<div class=\"wp-block-group\"><div class=\"wp-block-group__inner-container is-layout-constrained wp-block-group-is-layout-constrained\">\n<figure class=\"wp-block-gallery has-nested-images columns-default is-cropped wp-block-gallery-1 is-layout-flex wp-block-gallery-is-layout-flex\">\n<figure class=\"wp-block-image size-large\"><img loading=\"lazy\" decoding=\"async\" width=\"500\" height=\"500\" data-id=\"62\" src=\"https:\/\/bretagneceltique.bzh\/wp-content\/uploads\/2023\/04\/Alan-Stivell.jpg\" alt=\"\" class=\"wp-image-62\" srcset=\"https:\/\/bretagneceltique.bzh\/wp-content\/uploads\/2023\/04\/Alan-Stivell.jpg 500w, https:\/\/bretagneceltique.bzh\/wp-content\/uploads\/2023\/04\/Alan-Stivell-300x300.jpg 300w, https:\/\/bretagneceltique.bzh\/wp-content\/uploads\/2023\/04\/Alan-Stivell-150x150.jpg 150w\" sizes=\"auto, (max-width: 500px) 100vw, 500px\" \/><\/figure>\n\n\n\n<figure class=\"wp-block-image size-large\"><img loading=\"lazy\" decoding=\"async\" width=\"300\" height=\"340\" data-id=\"63\" src=\"https:\/\/bretagneceltique.bzh\/wp-content\/uploads\/2023\/04\/barry-cunliffe.jpg\" alt=\"\" class=\"wp-image-63\" srcset=\"https:\/\/bretagneceltique.bzh\/wp-content\/uploads\/2023\/04\/barry-cunliffe.jpg 300w, https:\/\/bretagneceltique.bzh\/wp-content\/uploads\/2023\/04\/barry-cunliffe-265x300.jpg 265w\" sizes=\"auto, (max-width: 300px) 100vw, 300px\" \/><\/figure>\n\n\n\n<figure class=\"wp-block-image size-large\"><img loading=\"lazy\" decoding=\"async\" width=\"275\" height=\"183\" data-id=\"65\" src=\"https:\/\/bretagneceltique.bzh\/wp-content\/uploads\/2023\/04\/Patrick-Galliou.jpg\" alt=\"\" class=\"wp-image-65\"\/><\/figure>\n\n\n\n<figure class=\"wp-block-image size-large\"><img loading=\"lazy\" decoding=\"async\" width=\"591\" height=\"562\" data-id=\"64\" src=\"https:\/\/bretagneceltique.bzh\/wp-content\/uploads\/2023\/04\/Fabien-regnier.jpg\" alt=\"\" class=\"wp-image-64\" srcset=\"https:\/\/bretagneceltique.bzh\/wp-content\/uploads\/2023\/04\/Fabien-regnier.jpg 591w, https:\/\/bretagneceltique.bzh\/wp-content\/uploads\/2023\/04\/Fabien-regnier-300x285.jpg 300w\" sizes=\"auto, (max-width: 591px) 100vw, 591px\" \/><\/figure>\n\n\n\n<figure class=\"wp-block-image size-large\"><img loading=\"lazy\" decoding=\"async\" width=\"400\" height=\"600\" data-id=\"66\" src=\"https:\/\/bretagneceltique.bzh\/wp-content\/uploads\/2023\/04\/Herve-Bihan.jpg\" alt=\"\" class=\"wp-image-66\" srcset=\"https:\/\/bretagneceltique.bzh\/wp-content\/uploads\/2023\/04\/Herve-Bihan.jpg 400w, https:\/\/bretagneceltique.bzh\/wp-content\/uploads\/2023\/04\/Herve-Bihan-200x300.jpg 200w\" sizes=\"auto, (max-width: 400px) 100vw, 400px\" \/><\/figure>\n\n\n\n<figure class=\"wp-block-image size-large\"><img loading=\"lazy\" decoding=\"async\" width=\"597\" height=\"800\" data-id=\"182\" src=\"https:\/\/bretagneceltique.bzh\/wp-content\/uploads\/2023\/05\/Simon-Rodway-2.jpg\" alt=\"Simon Rodway\" class=\"wp-image-182\" srcset=\"https:\/\/bretagneceltique.bzh\/wp-content\/uploads\/2023\/05\/Simon-Rodway-2.jpg 597w, https:\/\/bretagneceltique.bzh\/wp-content\/uploads\/2023\/05\/Simon-Rodway-2-224x300.jpg 224w\" sizes=\"auto, (max-width: 597px) 100vw, 597px\" \/><\/figure>\n\n\n\n<figure class=\"wp-block-image size-large\"><img loading=\"lazy\" decoding=\"async\" width=\"598\" height=\"899\" data-id=\"143\" src=\"https:\/\/bretagneceltique.bzh\/wp-content\/uploads\/2023\/05\/Corinne-Poulain.jpg\" alt=\"\" class=\"wp-image-143\" srcset=\"https:\/\/bretagneceltique.bzh\/wp-content\/uploads\/2023\/05\/Corinne-Poulain.jpg 598w, https:\/\/bretagneceltique.bzh\/wp-content\/uploads\/2023\/05\/Corinne-Poulain-200x300.jpg 200w\" sizes=\"auto, (max-width: 598px) 100vw, 598px\" \/><\/figure>\n\n\n\n<figure class=\"wp-block-image size-large\"><img loading=\"lazy\" decoding=\"async\" width=\"279\" height=\"404\" data-id=\"67\" src=\"https:\/\/bretagneceltique.bzh\/wp-content\/uploads\/2023\/04\/Erwan-Chartier.jpg\" alt=\"\" class=\"wp-image-67\" srcset=\"https:\/\/bretagneceltique.bzh\/wp-content\/uploads\/2023\/04\/Erwan-Chartier.jpg 279w, https:\/\/bretagneceltique.bzh\/wp-content\/uploads\/2023\/04\/Erwan-Chartier-207x300.jpg 207w\" sizes=\"auto, (max-width: 279px) 100vw, 279px\" \/><\/figure>\n\n\n\n<figure class=\"wp-block-image size-large\"><img loading=\"lazy\" decoding=\"async\" width=\"420\" height=\"418\" data-id=\"68\" src=\"https:\/\/bretagneceltique.bzh\/wp-content\/uploads\/2023\/04\/Roger-Faligot.webp\" alt=\"\" class=\"wp-image-68\" srcset=\"https:\/\/bretagneceltique.bzh\/wp-content\/uploads\/2023\/04\/Roger-Faligot.webp 420w, https:\/\/bretagneceltique.bzh\/wp-content\/uploads\/2023\/04\/Roger-Faligot-300x300.webp 300w, https:\/\/bretagneceltique.bzh\/wp-content\/uploads\/2023\/04\/Roger-Faligot-150x150.webp 150w\" sizes=\"auto, (max-width: 420px) 100vw, 420px\" \/><\/figure>\n\n\n\n<figure class=\"wp-block-image size-large\"><img loading=\"lazy\" decoding=\"async\" width=\"683\" height=\"1024\" data-id=\"69\" src=\"https:\/\/bretagneceltique.bzh\/wp-content\/uploads\/2023\/04\/Joel-Cornette-683x1024.jpg\" alt=\"\" class=\"wp-image-69\" srcset=\"https:\/\/bretagneceltique.bzh\/wp-content\/uploads\/2023\/04\/Joel-Cornette-683x1024.jpg 683w, https:\/\/bretagneceltique.bzh\/wp-content\/uploads\/2023\/04\/Joel-Cornette-200x300.jpg 200w, https:\/\/bretagneceltique.bzh\/wp-content\/uploads\/2023\/04\/Joel-Cornette-768x1152.jpg 768w, https:\/\/bretagneceltique.bzh\/wp-content\/uploads\/2023\/04\/Joel-Cornette.jpg 800w\" sizes=\"auto, (max-width: 683px) 100vw, 683px\" \/><\/figure>\n\n\n\n<figure class=\"wp-block-image size-large\"><img loading=\"lazy\" decoding=\"async\" width=\"576\" height=\"628\" data-id=\"181\" src=\"https:\/\/bretagneceltique.bzh\/wp-content\/uploads\/2023\/05\/Rozenn-Leroy-2.jpg\" alt=\"\" class=\"wp-image-181\" srcset=\"https:\/\/bretagneceltique.bzh\/wp-content\/uploads\/2023\/05\/Rozenn-Leroy-2.jpg 576w, https:\/\/bretagneceltique.bzh\/wp-content\/uploads\/2023\/05\/Rozenn-Leroy-2-275x300.jpg 275w\" sizes=\"auto, (max-width: 576px) 100vw, 576px\" \/><\/figure>\n\n\n\n<figure class=\"wp-block-image size-large\"><img loading=\"lazy\" decoding=\"async\" width=\"1024\" height=\"768\" data-id=\"183\" src=\"https:\/\/bretagneceltique.bzh\/wp-content\/uploads\/2023\/05\/Jean-Philippe-Mauras-2.webp\" alt=\"\" class=\"wp-image-183\" srcset=\"https:\/\/bretagneceltique.bzh\/wp-content\/uploads\/2023\/05\/Jean-Philippe-Mauras-2.webp 1024w, https:\/\/bretagneceltique.bzh\/wp-content\/uploads\/2023\/05\/Jean-Philippe-Mauras-2-300x225.webp 300w, https:\/\/bretagneceltique.bzh\/wp-content\/uploads\/2023\/05\/Jean-Philippe-Mauras-2-768x576.webp 768w\" sizes=\"auto, (max-width: 1024px) 100vw, 1024px\" \/><\/figure>\n\n\n\n<figure class=\"wp-block-image size-large\"><img loading=\"lazy\" decoding=\"async\" width=\"500\" height=\"366\" data-id=\"71\" src=\"https:\/\/bretagneceltique.bzh\/wp-content\/uploads\/2023\/04\/rozenn-milin.jpg\" alt=\"\" class=\"wp-image-71\" srcset=\"https:\/\/bretagneceltique.bzh\/wp-content\/uploads\/2023\/04\/rozenn-milin.jpg 500w, https:\/\/bretagneceltique.bzh\/wp-content\/uploads\/2023\/04\/rozenn-milin-300x220.jpg 300w\" sizes=\"auto, (max-width: 500px) 100vw, 500px\" \/><\/figure>\n\n\n\n<figure class=\"wp-block-image size-large\"><img loading=\"lazy\" decoding=\"async\" width=\"724\" height=\"1024\" data-id=\"127\" src=\"https:\/\/bretagneceltique.bzh\/wp-content\/uploads\/2023\/05\/St-Marc-1-724x1024.jpg\" alt=\"\" class=\"wp-image-127\" srcset=\"https:\/\/bretagneceltique.bzh\/wp-content\/uploads\/2023\/05\/St-Marc-1-724x1024.jpg 724w, https:\/\/bretagneceltique.bzh\/wp-content\/uploads\/2023\/05\/St-Marc-1-212x300.jpg 212w, https:\/\/bretagneceltique.bzh\/wp-content\/uploads\/2023\/05\/St-Marc-1-768x1086.jpg 768w, https:\/\/bretagneceltique.bzh\/wp-content\/uploads\/2023\/05\/St-Marc-1-1086x1536.jpg 1086w, https:\/\/bretagneceltique.bzh\/wp-content\/uploads\/2023\/05\/St-Marc-1-1448x2048.jpg 1448w, https:\/\/bretagneceltique.bzh\/wp-content\/uploads\/2023\/05\/St-Marc-1-scaled.jpg 1810w\" sizes=\"auto, (max-width: 724px) 100vw, 724px\" \/><\/figure>\n\n\n\n<figure class=\"wp-block-image size-large\"><img loading=\"lazy\" decoding=\"async\" width=\"250\" height=\"250\" data-id=\"185\" src=\"https:\/\/bretagneceltique.bzh\/wp-content\/uploads\/2023\/05\/Malo-Bouessel-du-Bourg-1.jpg\" alt=\"\" class=\"wp-image-185\" srcset=\"https:\/\/bretagneceltique.bzh\/wp-content\/uploads\/2023\/05\/Malo-Bouessel-du-Bourg-1.jpg 250w, https:\/\/bretagneceltique.bzh\/wp-content\/uploads\/2023\/05\/Malo-Bouessel-du-Bourg-1-150x150.jpg 150w\" sizes=\"auto, (max-width: 250px) 100vw, 250px\" \/><\/figure>\n\n\n\n<figure class=\"wp-block-image size-large\"><img loading=\"lazy\" decoding=\"async\" width=\"1000\" height=\"811\" data-id=\"189\" src=\"https:\/\/bretagneceltique.bzh\/wp-content\/uploads\/2023\/05\/nolwenn-faligot.jpg\" alt=\"\" class=\"wp-image-189\" srcset=\"https:\/\/bretagneceltique.bzh\/wp-content\/uploads\/2023\/05\/nolwenn-faligot.jpg 1000w, https:\/\/bretagneceltique.bzh\/wp-content\/uploads\/2023\/05\/nolwenn-faligot-300x243.jpg 300w, https:\/\/bretagneceltique.bzh\/wp-content\/uploads\/2023\/05\/nolwenn-faligot-768x623.jpg 768w\" sizes=\"auto, (max-width: 1000px) 100vw, 1000px\" \/><\/figure>\n\n\n\n<figure class=\"wp-block-image size-large\"><img loading=\"lazy\" decoding=\"async\" width=\"1024\" height=\"1024\" data-id=\"399\" src=\"https:\/\/bretagneceltique.bzh\/wp-content\/uploads\/2023\/07\/FMWales-1024x1024.webp\" alt=\"\" class=\"wp-image-399\" srcset=\"https:\/\/bretagneceltique.bzh\/wp-content\/uploads\/2023\/07\/FMWales-1024x1024.webp 1024w, https:\/\/bretagneceltique.bzh\/wp-content\/uploads\/2023\/07\/FMWales-300x300.webp 300w, https:\/\/bretagneceltique.bzh\/wp-content\/uploads\/2023\/07\/FMWales-150x150.webp 150w, https:\/\/bretagneceltique.bzh\/wp-content\/uploads\/2023\/07\/FMWales-768x768.webp 768w, https:\/\/bretagneceltique.bzh\/wp-content\/uploads\/2023\/07\/FMWales.webp 1200w\" sizes=\"auto, (max-width: 1024px) 100vw, 1024px\" \/><\/figure>\n\n\n\n<figure class=\"wp-block-image size-large\"><img loading=\"lazy\" decoding=\"async\" width=\"400\" height=\"400\" data-id=\"365\" src=\"https:\/\/bretagneceltique.bzh\/wp-content\/uploads\/2023\/06\/LoigChesnaisGirard.jpg\" alt=\"\" class=\"wp-image-365\" srcset=\"https:\/\/bretagneceltique.bzh\/wp-content\/uploads\/2023\/06\/LoigChesnaisGirard.jpg 400w, https:\/\/bretagneceltique.bzh\/wp-content\/uploads\/2023\/06\/LoigChesnaisGirard-300x300.jpg 300w, https:\/\/bretagneceltique.bzh\/wp-content\/uploads\/2023\/06\/LoigChesnaisGirard-150x150.jpg 150w\" sizes=\"auto, (max-width: 400px) 100vw, 400px\" \/><\/figure>\n\n\n\n<figure class=\"wp-block-image size-large\"><img loading=\"lazy\" decoding=\"async\" width=\"500\" height=\"281\" data-id=\"366\" src=\"https:\/\/bretagneceltique.bzh\/wp-content\/uploads\/2023\/06\/FabriceLoher.jpg\" alt=\"\" class=\"wp-image-366\" srcset=\"https:\/\/bretagneceltique.bzh\/wp-content\/uploads\/2023\/06\/FabriceLoher.jpg 500w, https:\/\/bretagneceltique.bzh\/wp-content\/uploads\/2023\/06\/FabriceLoher-300x169.jpg 300w\" sizes=\"auto, (max-width: 500px) 100vw, 500px\" \/><\/figure>\n\n\n\n<figure class=\"wp-block-image size-large\"><img loading=\"lazy\" decoding=\"async\" width=\"820\" height=\"494\" data-id=\"184\" src=\"https:\/\/bretagneceltique.bzh\/wp-content\/uploads\/2023\/05\/Morwenn-Le-Normand-1.jpg\" alt=\"\" class=\"wp-image-184\" srcset=\"https:\/\/bretagneceltique.bzh\/wp-content\/uploads\/2023\/05\/Morwenn-Le-Normand-1.jpg 820w, https:\/\/bretagneceltique.bzh\/wp-content\/uploads\/2023\/05\/Morwenn-Le-Normand-1-300x181.jpg 300w, https:\/\/bretagneceltique.bzh\/wp-content\/uploads\/2023\/05\/Morwenn-Le-Normand-1-768x463.jpg 768w\" sizes=\"auto, (max-width: 820px) 100vw, 820px\" \/><\/figure>\n<\/figure>\n<\/div><\/div>\n\n\n\n<p><\/p>\n","protected":false},"excerpt":{"rendered":"<p>Alan Stivell, le grand t\u00e9moin de la journ\u00e9e. Alan Stivell, test braz an devezh. Alan Stivell our great witness for the day. Matin &#8211; Mintin &#8211; Morning &nbsp;&nbsp; . Barry Cunliffe, est un arch\u00e9ologue et universitaire britannique. Professeur d&rsquo;arch\u00e9ologie europ\u00e9enne &hellip; <a href=\"https:\/\/bretagneceltique.bzh\/?page_id=20\">Continuer la lecture <span class=\"meta-nav\">&rarr;<\/span><\/a><\/p>\n","protected":false},"author":1,"featured_media":0,"parent":0,"menu_order":0,"comment_status":"closed","ping_status":"closed","template":"","meta":{"footnotes":""},"class_list":["post-20","page","type-page","status-publish","hentry"],"_links":{"self":[{"href":"https:\/\/bretagneceltique.bzh\/index.php?rest_route=\/wp\/v2\/pages\/20","targetHints":{"allow":["GET"]}}],"collection":[{"href":"https:\/\/bretagneceltique.bzh\/index.php?rest_route=\/wp\/v2\/pages"}],"about":[{"href":"https:\/\/bretagneceltique.bzh\/index.php?rest_route=\/wp\/v2\/types\/page"}],"author":[{"embeddable":true,"href":"https:\/\/bretagneceltique.bzh\/index.php?rest_route=\/wp\/v2\/users\/1"}],"replies":[{"embeddable":true,"href":"https:\/\/bretagneceltique.bzh\/index.php?rest_route=%2Fwp%2Fv2%2Fcomments&post=20"}],"version-history":[{"count":46,"href":"https:\/\/bretagneceltique.bzh\/index.php?rest_route=\/wp\/v2\/pages\/20\/revisions"}],"predecessor-version":[{"id":429,"href":"https:\/\/bretagneceltique.bzh\/index.php?rest_route=\/wp\/v2\/pages\/20\/revisions\/429"}],"wp:attachment":[{"href":"https:\/\/bretagneceltique.bzh\/index.php?rest_route=%2Fwp%2Fv2%2Fmedia&parent=20"}],"curies":[{"name":"wp","href":"https:\/\/api.w.org\/{rel}","templated":true}]}}